{"id":832,"date":"2022-02-24T14:11:37","date_gmt":"2022-02-24T14:11:37","guid":{"rendered":"https:\/\/digirur.eu\/acerca-de\/"},"modified":"2022-09-02T09:10:07","modified_gmt":"2022-09-02T09:10:07","slug":"acerca-de","status":"publish","type":"page","link":"https:\/\/digirur.eu\/es\/acerca-de\/","title":{"rendered":"Acerca de"},"content":{"rendered":"<h1><span style=\"font-weight: 400;\">Acerca de<\/span><\/h1>\n<div>\n<p>        <img decoding=\"async\" src=\"\/wp-content\/uploads\/2022\/05\/b-class-website-template-Copy-09.png\" alt=\"\"><\/p>\n<h3>Descripci\u00f3n general del proyecto<\/h3>\n<div>\n<p><span style=\"font-weight: 400;\">Europa se ha caracterizado por un lento crecimiento econ\u00f3mico y una elevada tasa de desempleo juvenil, lo que es especialmente notable en las zonas urbanas y rurales de la UE. El 18,8% de los j\u00f3venes que viven en \u00e1reas rurales en los 28 estados miembros est\u00e1n desempleados. Si se buscan las causas, se puede decir que existen tres factores: factores personales, econ\u00f3micos y sociales. Cuando se analizan los factores personales, hay algunos efectos secundarios tales como: un aumento de las probabilidades de estar desempleados en etapas posteriores de sus vidas, salarios m\u00e1s bajos, falta de habilidades, exclusiones sociales, ser arrastrados a condiciones que reducen el nivel de felicidad.<\/span><\/p>\n<\/p>\n<p><span style=\"font-weight: 400;\">Promover el emprendimiento juvenil es la mejor manera de responder a los desaf\u00edos relacionados con el desempleo juvenil. Desafortunadamente, sin embargo, vemos niveles m\u00e1s bajos de emprendimiento juvenil en las \u00e1reas rurales que en las grandes ciudades, lo que conduce a la privaci\u00f3n econ\u00f3mica y al abandono de estas \u00e1reas, a altos niveles de migraci\u00f3n y a un bajo nivel de vida. Una de las principales razones de estos bajos niveles de iniciativa de emprendimiento juvenil en las zonas rurales son las limitadas oportunidades que tienen los j\u00f3venes para acceder a la informaci\u00f3n y desarrollar sus conocimientos y competencias empresariales, el tipo de comportamiento m\u00e1s cerrado de los j\u00f3venes rurales y la falta de recursos financieros para adquirir nuevas competencias.<\/span><\/p>\n<\/div>\n<p><a href=\"#\"><\/a><\/p>\n<\/div>\n<div>\n<p>        <img decoding=\"async\" src=\"\/wp-content\/uploads\/2022\/05\/b-class-website-template-Copy-10.png\" alt=\"\"><\/p>\n<h3>Objetivo<\/h3>\n<div>\n<p><span style=\"font-weight: 400;\">Fomentar el emprendimiento rural juvenil proporcionando un paquete completo de todos los conocimientos y competencias te\u00f3ricas y pr\u00e1cticas necesarias para iniciar un negocio en las zonas rurales.<\/span><\/p>\n<\/div>\n<\/div>\n<div>\n<h3>Objetivos espec\u00edficos<\/h3>\n<div>\n<ul>\n<li style=\"font-weight: 400;\" aria-level=\"1\"><span style=\"font-weight: 400;\">Acceso gratuito a material educativo (REA) para el emprendimiento rural y la mejora de las competencias digitales.<\/span><\/li>\n<li style=\"font-weight: 400;\" aria-level=\"1\"><span style=\"font-weight: 400;\">F\u00e1cil acceso a paquetes educativos actualizados y personalizados de FP u otros proveedores de educaci\u00f3n.<\/span><\/li>\n<li style=\"font-weight: 400;\" aria-level=\"1\"><span style=\"font-weight: 400;\">Un ecosistema emprendedor para apoyarlos con el compromiso activo de las partes interesadas, tanto p\u00fablicas como privadas.<\/span><\/li>\n<li style=\"font-weight: 400;\" aria-level=\"1\"><span style=\"font-weight: 400;\">Mayor capacidad para ganarse la vida en las zonas rurales, a trav\u00e9s de negocios sostenibles y empleo de altos ingresos.<\/span><\/li>\n<li style=\"font-weight: 400;\" aria-level=\"1\"><span style=\"font-weight: 400;\">Ofrecer una vida m\u00e1s satisfactoria, segura (econ\u00f3micamente, socialmente, ambientalmente) y saludable en contacto con la naturaleza.<\/span><\/li>\n<\/ul>\n<p><b>Participantes<\/b><\/p>\n<ul>\n<li style=\"font-weight: 400;\" aria-level=\"1\"><span style=\"font-weight: 400;\">El proveedor de FP se beneficiar\u00e1 de los REA para llegar a nuevos clientes y de participar en los Paneles del Ecosistema de Emprendimiento Rural (REEP).<\/span><\/li>\n<li style=\"font-weight: 400;\" aria-level=\"1\"><span style=\"font-weight: 400;\">Las autoridades locales se beneficiar\u00e1n de la atracci\u00f3n de j\u00f3venes residentes y de un crecimiento econ\u00f3mico equilibrado\/sostenible.<\/span><\/li>\n<li style=\"font-weight: 400;\" aria-level=\"1\"><span style=\"font-weight: 400;\">La asociaci\u00f3n con organizaciones privadas permitir\u00e1 una participaci\u00f3n m\u00e1s activa en la solicitud de financiaci\u00f3n a trav\u00e9s de programas nacionales o de otro tipo.<\/span><\/li>\n<li style=\"font-weight: 400;\" aria-level=\"1\"><span style=\"font-weight: 400;\">Los j\u00f3venes y las asociaciones culturales\/locales se beneficiar\u00e1n del aumento de la poblaci\u00f3n y la actividad juvenil.<\/span><\/li>\n<li style=\"font-weight: 400;\" aria-level=\"1\"><span style=\"font-weight: 400;\">Las asociaciones y c\u00e1maras profesionales se beneficiar\u00e1n del crecimiento de la econom\u00eda local y de los miembros nuevos \/ j\u00f3venes y sus ideas frescas.<\/span><\/li>\n<\/ul>\n<p><b>Los responsables de la formulaci\u00f3n de pol\u00edticas se beneficiar\u00e1n de la participaci\u00f3n activa de los j\u00f3venes, <\/b><b><i>feedback<\/i><\/b><b> y, eventualmente, de las mejores pr\u00e1cticas desarrolladas.<\/b><\/p>\n<p><b>La poblaci\u00f3n rural en general se beneficiar\u00e1 de un crecimiento econ\u00f3mico, un equilibrio de la edad de la poblaci\u00f3n, una reactivaci\u00f3n cultural y social, un desarrollo sostenible y una disponibilidad de servicios mejorada en sus regiones.<\/b><\/p>\n<p><b>Los progenitores tambi\u00e9n se beneficiar\u00e1n de no estar separados de sus hijos y sus familias.<\/b><\/p>\n<\/div>\n<\/div>\n<p><!--more--><br \/>\n<!-- {\"type\":\"layout\",\"children\":[{\"type\":\"section\",\"props\":{\"style\":\"default\",\"width\":\"default\",\"vertical_align\":\"middle\",\"title_position\":\"top-left\",\"title_rotation\":\"left\",\"title_breakpoint\":\"xl\",\"image_position\":\"center-center\",\"padding_remove_top\":true},\"children\":[{\"type\":\"row\",\"children\":[{\"type\":\"column\",\"props\":{\"position_sticky_breakpoint\":\"m\",\"image_position\":\"center-center\",\"media_overlay_gradient\":\"\"},\"children\":[{\"type\":\"headline\",\"props\":{\"title_element\":\"h1\",\"title_style\":\"h1\",\"title_color\":\"success\",\"text_align\":\"left\",\"content\":\"<span style=\\\"font-weight: 400;\\\">Acerca de<\\\/span>\"},\"name\":\"headline-pages\"}]}]},{\"type\":\"row\",\"children\":[{\"type\":\"column\",\"props\":{\"position_sticky_breakpoint\":\"m\",\"image_position\":\"center-center\",\"media_overlay_gradient\":\"\"},\"children\":[{\"type\":\"panel\",\"props\":{\"link_text\":\"\",\"title_hover_style\":\"reset\",\"title_element\":\"h3\",\"title_align\":\"top\",\"title_grid_width\":\"1-2\",\"title_grid_breakpoint\":\"m\",\"meta_style\":\"meta\",\"meta_align\":\"below-title\",\"meta_element\":\"div\",\"content_column_breakpoint\":\"m\",\"icon_width\":80,\"image_align\":\"right\",\"image_grid_width\":\"1-3\",\"image_grid_breakpoint\":\"m\",\"image_svg_color\":\"emphasis\",\"link_style\":\"primary\",\"margin\":\"default\",\"title\":\"Descripci\\u00f3n general del proyecto\",\"content\":\"\n\n<p><span style=\\\"font-weight: 400;\\\">Europa se ha caracterizado por un lento crecimiento econ\\u00f3mico y una elevada tasa de desempleo juvenil, lo que es especialmente notable en las zonas urbanas y rurales de la UE. El 18,8% de los j\\u00f3venes que viven en \\u00e1reas rurales en los 28 estados miembros est\\u00e1n desempleados. Si se buscan las causas, se puede decir que existen tres factores: factores personales, econ\\u00f3micos y sociales. Cuando se analizan los factores personales, hay algunos efectos secundarios tales como: un aumento de las probabilidades de estar desempleados en etapas posteriores de sus vidas, salarios m\\u00e1s bajos, falta de habilidades, exclusiones sociales, ser arrastrados a condiciones que reducen el nivel de felicidad.<\\\/span><\\\/p>\\n\n\n<p><\\\/p>\\n\n\n<p><span style=\\\"font-weight: 400;\\\">Promover el emprendimiento juvenil es la mejor manera de responder a los desaf\\u00edos relacionados con el desempleo juvenil. Desafortunadamente, sin embargo, vemos niveles m\\u00e1s bajos de emprendimiento juvenil en las \\u00e1reas rurales que en las grandes ciudades, lo que conduce a la privaci\\u00f3n econ\\u00f3mica y al abandono de estas \\u00e1reas, a altos niveles de migraci\\u00f3n y a un bajo nivel de vida. Una de las principales razones de estos bajos niveles de iniciativa de emprendimiento juvenil en las zonas rurales son las limitadas oportunidades que tienen los j\\u00f3venes para acceder a la informaci\\u00f3n y desarrollar sus conocimientos y competencias empresariales, el tipo de comportamiento m\\u00e1s cerrado de los j\\u00f3venes rurales y la falta de recursos financieros para adquirir nuevas competencias.<\\\/span><\\\/p>\",\"image\":\"wp-content\\\/uploads\\\/2022\\\/05\\\/b-class-website-template-Copy-09.png\",\"title_color\":\"success\",\"link\":\"#\",\"image_vertical_align\":true,\"link_fullwidth\":false},\"name\":\"Panel with image RIGHT\"}]}]},{\"type\":\"row\",\"children\":[{\"type\":\"column\",\"props\":{\"position_sticky_breakpoint\":\"m\",\"image_position\":\"center-center\",\"media_overlay_gradient\":\"\",\"width_medium\":\"\"},\"children\":[{\"type\":\"panel\",\"props\":{\"link_text\":\"Read more\",\"title_hover_style\":\"reset\",\"title_element\":\"h3\",\"title_align\":\"top\",\"title_grid_width\":\"1-2\",\"title_grid_breakpoint\":\"m\",\"meta_style\":\"meta\",\"meta_align\":\"below-title\",\"meta_element\":\"div\",\"content_column_breakpoint\":\"m\",\"icon_width\":80,\"image_align\":\"left\",\"image_grid_width\":\"1-3\",\"image_grid_breakpoint\":\"m\",\"image_svg_color\":\"emphasis\",\"link_style\":\"primary\",\"margin\":\"default\",\"title\":\"Objetivo\",\"content\":\"\n\n<p><span style=\\\"font-weight: 400;\\\">Fomentar el emprendimiento rural juvenil proporcionando un paquete completo de todos los conocimientos y competencias te\\u00f3ricas y pr\\u00e1cticas necesarias para iniciar un negocio en las zonas rurales.<\\\/span><\\\/p>\",\"image\":\"wp-content\\\/uploads\\\/2022\\\/05\\\/b-class-website-template-Copy-10.png\",\"title_color\":\"success\",\"link\":\"\",\"image_vertical_align\":true},\"name\":\"left-image-panel\"}]}]},{\"type\":\"row\",\"children\":[{\"type\":\"column\",\"props\":{\"position_sticky_breakpoint\":\"m\",\"image_position\":\"center-center\",\"media_overlay_gradient\":\"\"},\"children\":[{\"type\":\"panel\",\"props\":{\"link_text\":\"Read more\",\"title_hover_style\":\"reset\",\"title_element\":\"h3\",\"title_align\":\"top\",\"title_grid_width\":\"1-2\",\"title_grid_breakpoint\":\"m\",\"meta_style\":\"meta\",\"meta_align\":\"below-title\",\"meta_element\":\"div\",\"content_column_breakpoint\":\"m\",\"icon_width\":80,\"image_align\":\"right\",\"image_grid_width\":\"1-3\",\"image_grid_breakpoint\":\"m\",\"image_svg_color\":\"emphasis\",\"link_style\":\"primary\",\"margin\":\"default\",\"title\":\"Objetivos espec\\u00edficos\",\"content\":\"\n\n<ul>\\n\n\n<li style=\\\"font-weight: 400;\\\" aria-level=\\\"1\\\"><span style=\\\"font-weight: 400;\\\">Acceso gratuito a material educativo (REA) para el emprendimiento rural y la mejora de las competencias digitales.<\\\/span><\\\/li>\\n\n\n<li style=\\\"font-weight: 400;\\\" aria-level=\\\"1\\\"><span style=\\\"font-weight: 400;\\\">F\\u00e1cil acceso a paquetes educativos actualizados y personalizados de FP u otros proveedores de educaci\\u00f3n.<\\\/span><\\\/li>\\n\n\n<li style=\\\"font-weight: 400;\\\" aria-level=\\\"1\\\"><span style=\\\"font-weight: 400;\\\">Un ecosistema emprendedor para apoyarlos con el compromiso activo de las partes interesadas, tanto p\\u00fablicas como privadas.<\\\/span><\\\/li>\\n\n\n<li style=\\\"font-weight: 400;\\\" aria-level=\\\"1\\\"><span style=\\\"font-weight: 400;\\\">Mayor capacidad para ganarse la vida en las zonas rurales, a trav\\u00e9s de negocios sostenibles y empleo de altos ingresos.<\\\/span><\\\/li>\\n\n\n<li style=\\\"font-weight: 400;\\\" aria-level=\\\"1\\\"><span style=\\\"font-weight: 400;\\\">Ofrecer una vida m\\u00e1s satisfactoria, segura (econ\\u00f3micamente, socialmente, ambientalmente) y saludable en contacto con la naturaleza.<\\\/span><\\\/li>\\n<\\\/ul>\\n\n\n<p><b>Participantes<\\\/b><\\\/p>\\n\n\n<ul>\\n\n\n<li style=\\\"font-weight: 400;\\\" aria-level=\\\"1\\\"><span style=\\\"font-weight: 400;\\\">El proveedor de FP se beneficiar\\u00e1 de los REA para llegar a nuevos clientes y de participar en los Paneles del Ecosistema de Emprendimiento Rural (REEP).<\\\/span><\\\/li>\\n\n\n<li style=\\\"font-weight: 400;\\\" aria-level=\\\"1\\\"><span style=\\\"font-weight: 400;\\\">Las autoridades locales se beneficiar\\u00e1n de la atracci\\u00f3n de j\\u00f3venes residentes y de un crecimiento econ\\u00f3mico equilibrado\\\/sostenible.<\\\/span><\\\/li>\\n\n\n<li style=\\\"font-weight: 400;\\\" aria-level=\\\"1\\\"><span style=\\\"font-weight: 400;\\\">La asociaci\\u00f3n con organizaciones privadas permitir\\u00e1 una participaci\\u00f3n m\\u00e1s activa en la solicitud de financiaci\\u00f3n a trav\\u00e9s de programas nacionales o de otro tipo.<\\\/span><\\\/li>\\n\n\n<li style=\\\"font-weight: 400;\\\" aria-level=\\\"1\\\"><span style=\\\"font-weight: 400;\\\">Los j\\u00f3venes y las asociaciones culturales\\\/locales se beneficiar\\u00e1n del aumento de la poblaci\\u00f3n y la actividad juvenil.<\\\/span><\\\/li>\\n\n\n<li style=\\\"font-weight: 400;\\\" aria-level=\\\"1\\\"><span style=\\\"font-weight: 400;\\\">Las asociaciones y c\\u00e1maras profesionales se beneficiar\\u00e1n del crecimiento de la econom\\u00eda local y de los miembros nuevos \\\/ j\\u00f3venes y sus ideas frescas.<\\\/span><\\\/li>\\n<\\\/ul>\\n\n\n<p><b>Los responsables de la formulaci\\u00f3n de pol\\u00edticas se beneficiar\\u00e1n de la participaci\\u00f3n activa de los j\\u00f3venes, <\\\/b><b><i>feedback<\\\/i><\\\/b><b> y, eventualmente, de las mejores pr\\u00e1cticas desarrolladas.<\\\/b><\\\/p>\\n\n\n<p><b>La poblaci\\u00f3n rural en general se beneficiar\\u00e1 de un crecimiento econ\\u00f3mico, un equilibrio de la edad de la poblaci\\u00f3n, una reactivaci\\u00f3n cultural y social, un desarrollo sostenible y una disponibilidad de servicios mejorada en sus regiones.<\\\/b><\\\/p>\\n\n\n<p><b>Los progenitores tambi\\u00e9n se beneficiar\\u00e1n de no estar separados de sus hijos y sus familias.<\\\/b><\\\/p>\",\"image\":\"\",\"title_color\":\"success\",\"link\":\"\",\"css\":\".el-element{\\nbackground-color:#f2f2f2;\\n    padding: 20px 20px 20px 20px;\\n}\"},\"name\":\"right-image-panel\"}]}]}]}],\"version\":\"2.7.22\"} --><\/p>\n","protected":false},"excerpt":{"rendered":"<p>Acerca de Descripci\u00f3n general del proyecto Europa se ha caracterizado por un lento crecimiento econ\u00f3mico y una elevada tasa de desempleo juvenil, lo que es..<\/p>\n","protected":false},"author":1,"featured_media":0,"parent":0,"menu_order":0,"comment_status":"closed","ping_status":"closed","template":"","meta":{"_acf_changed":false,"inline_featured_image":false,"footnotes":""},"class_list":["post-832","page","type-page","status-publish","hentry"],"acf":[],"_links":{"self":[{"href":"https:\/\/digirur.eu\/es\/wp-json\/wp\/v2\/pages\/832","targetHints":{"allow":["GET"]}}],"collection":[{"href":"https:\/\/digirur.eu\/es\/wp-json\/wp\/v2\/pages"}],"about":[{"href":"https:\/\/digirur.eu\/es\/wp-json\/wp\/v2\/types\/page"}],"author":[{"embeddable":true,"href":"https:\/\/digirur.eu\/es\/wp-json\/wp\/v2\/users\/1"}],"replies":[{"embeddable":true,"href":"https:\/\/digirur.eu\/es\/wp-json\/wp\/v2\/comments?post=832"}],"version-history":[{"count":1,"href":"https:\/\/digirur.eu\/es\/wp-json\/wp\/v2\/pages\/832\/revisions"}],"predecessor-version":[{"id":849,"href":"https:\/\/digirur.eu\/es\/wp-json\/wp\/v2\/pages\/832\/revisions\/849"}],"wp:attachment":[{"href":"https:\/\/digirur.eu\/es\/wp-json\/wp\/v2\/media?parent=832"}],"curies":[{"name":"wp","href":"https:\/\/api.w.org\/{rel}","templated":true}]}}