{"id":605,"date":"2022-02-24T14:11:37","date_gmt":"2022-02-24T14:11:37","guid":{"rendered":"https:\/\/digirur.eu\/sobre\/"},"modified":"2022-12-19T08:55:56","modified_gmt":"2022-12-19T08:55:56","slug":"sobre","status":"publish","type":"page","link":"https:\/\/digirur.eu\/pt-pt\/sobre\/","title":{"rendered":"Sobre"},"content":{"rendered":"<h1>Sobre<\/h1>\n<div>\n<p>        <img decoding=\"async\" src=\"\/wp-content\/uploads\/2022\/05\/b-class-website-template-Copy-09.png\" alt=\"\"><\/p>\n<h3>Vis\u00e3o Geral sobre o Projeto<\/h3>\n<div>\n<p>A Europa regista um crescimento econ\u00f3mico lento e elevadas taxas de desemprego jovem, especialmente nas zonas rurais. 18,8% dos jovens que vivem nas zonas rurais dos 28 Estados-membros encontram-se desempregados, o que tem um impacto duradouro muito negativo, n\u00e3o s\u00f3 neles mesmos mas nos restantes habitantes locais. Considera-se que tal tem consequ\u00eancias a v\u00e1rios n\u00edveis \u2013 pessoal, econ\u00f3mico e social -, que v\u00e3o desde probabilidades mais altas de se encontrarem desempregados em fases mais tardias das suas vidas, sal\u00e1rios mais baixos, compet\u00eancias mais escassas e exclus\u00e3o social, at\u00e9 a serem arrastados para situa\u00e7\u00f5es que contribuem para uma redu\u00e7\u00e3o significativa dos seus n\u00edveis de felicidade.<\/p>\n<p>Promover o empreendedorismo jovem \u00e9 a melhor forma de responder aos desafios enfrentados pelos jovens nas zonas rurais. No entanto, infelizmente, estas \u00e1reas s\u00e3o menos ativas na promo\u00e7\u00e3o do esp\u00edrito empreendedor, o que leva, consequentemente, a priva\u00e7\u00f5es econ\u00f3micas, a elevadas taxas de abandono e migra\u00e7\u00e3o, e a baixa qualidade de vida. Uma das raz\u00f5es que justifica a falta de iniciativa empreendedora nas zonas rurais \u00e9 a escassez de oportunidades para os jovens acederem a informa\u00e7\u00e3o e conte\u00fado que lhes permita desenvolver as suas compet\u00eancias empreendedoras e, assim, combater os entraves sociais e financeiros que muitas vezes encontram. <\/p>\n<\/div>\n<p><a href=\"#\"><\/a><\/p>\n<\/div>\n<div>\n<p>        <img decoding=\"async\" src=\"\/wp-content\/uploads\/2022\/05\/b-class-website-template-Copy-10.png\" alt=\"\"><\/p>\n<h3>Objetivo<\/h3>\n<div>\n<p>Promover o empreendedorismo rural e jovem atrav\u00e9s de um conjunto de informa\u00e7\u00e3o pr\u00e1tica e te\u00f3rica relevante para o desenvolvimento das compet\u00eancias necess\u00e1rias para dar in\u00edcio a um neg\u00f3cio ou projeto nas zonas rurais.<\/p>\n<\/div>\n<\/div>\n<div>\n<h3>Objetivos Espec\u00edficos<\/h3>\n<div>\n<ul>\n<li aria-level=\"1\"><span>Acesso livre a recursos educativos abertos (OER) focados no empreendedorismo rural e na capacita\u00e7\u00e3o digital;<\/span><\/li>\n<li aria-level=\"1\"><span>Acesso a recursos educativos, atualizados e adaptados \u00e0s necessidades dos benefici\u00e1rios, disponibilizados por entidades de educa\u00e7\u00e3o e forma\u00e7\u00e3o profissional ou outras;<\/span><\/li>\n<li aria-level=\"1\"><span>Um ecossistema para o empreendedorismo, caracterizado pelo envolvimento ativo de stakeholders p\u00fablicos e privados;<\/span><\/li>\n<li aria-level=\"1\"><span>Aumentar a capacidade de subsist\u00eancia em zonas rurais, atrav\u00e9s da promo\u00e7\u00e3o de neg\u00f3cios sustent\u00e1veis e de emprego bem remunerado;<\/span><\/li>\n<li aria-level=\"1\"><span>Proporcionar modos de vida mais satisfat\u00f3rios, saud\u00e1veis e seguros (a n\u00edvel econ\u00f3mico, social e ambiental), valorizando tamb\u00e9m o contacto com a natureza.<\/span><\/li>\n<\/ul>\n<p><b>Stakeholders <\/b><\/p>\n<ul>\n<li aria-level=\"1\"><span>As entidades de forma\u00e7\u00e3o profissional ir\u00e3o beneficiar com o acesso aos OER, que poder\u00e3o utilizar com os seus benefici\u00e1rios, assim como com a participa\u00e7\u00e3o nos Pain\u00e9is para os Ecossistemas de Empreendedorismo Rural (REEPs);<\/span><\/li>\n<li aria-level=\"1\"><span>As autoridades locais ter\u00e3o mais facilidade em atrair jovens para as zonas rurais e em promover um crescimento econ\u00f3mico equilibrado e sustent\u00e1vel;<\/span><\/li>\n<li aria-level=\"1\"><span>A parceria com organiza\u00e7\u00f5es privadas permitir\u00e1 uma participa\u00e7\u00e3o mais ativa e uma maior facilidade nas candidaturas a programas nacionais de financiamento ou outros;<\/span><\/li>\n<li aria-level=\"1\"><span>Associa\u00e7\u00f5es culturais e juvenis locais ir\u00e3o beneficiar do incremento da popula\u00e7\u00e3o e do envolvimento da mesma nas suas atividades;<\/span><\/li>\n<li aria-level=\"1\"><span>C\u00e2maras e associa\u00e7\u00f5es profissionais ir\u00e3o beneficiar com o crescimento econ\u00f3mico local e com novos membros jovens, que trar\u00e3o consigo ideias inovadoras.<\/span><\/li>\n<\/ul>\n<p><strong>Os decisores pol\u00edticos ir\u00e3o beneficiar com a participa\u00e7\u00e3o e feedback ativos por parte dos jovens, assim como, eventualmente, das boas pr\u00e1ticas desenvolvidas.<\/strong><\/p>\n<p><span><strong>A popula\u00e7\u00e3o rural em geral ir\u00e1 beneficiar do crescimento econ\u00f3mico, da revers\u00e3o da taxa de envelhecimento, da renova\u00e7\u00e3o cultural e social, do\u00a0 desenvolvimento sustent\u00e1vel e do aumento da oferta de servi\u00e7os nas suas regi\u00f5es.<\/strong> <\/span><\/p>\n<p><strong><span>As fam\u00edlias tamb\u00e9m ir\u00e3o usufruir da vantagem de n\u00e3o terem de se separar dos seus membros.<\/span><\/strong><\/p>\n<\/div>\n<\/div>\n<p><!--more--><br \/>\n<!-- {\"type\":\"layout\",\"children\":[{\"type\":\"section\",\"props\":{\"style\":\"default\",\"width\":\"default\",\"vertical_align\":\"middle\",\"title_position\":\"top-left\",\"title_rotation\":\"left\",\"title_breakpoint\":\"xl\",\"image_position\":\"center-center\",\"padding_remove_top\":true},\"children\":[{\"type\":\"row\",\"children\":[{\"type\":\"column\",\"props\":{\"position_sticky_breakpoint\":\"m\",\"image_position\":\"center-center\",\"media_overlay_gradient\":\"\"},\"children\":[{\"type\":\"headline\",\"props\":{\"title_element\":\"h1\",\"title_style\":\"h1\",\"title_color\":\"success\",\"text_align\":\"left\",\"content\":\"Sobre\"},\"name\":\"headline-pages\"}]}]},{\"type\":\"row\",\"children\":[{\"type\":\"column\",\"props\":{\"position_sticky_breakpoint\":\"m\",\"image_position\":\"center-center\",\"media_overlay_gradient\":\"\"},\"children\":[{\"type\":\"panel\",\"props\":{\"link_text\":\"\",\"title_hover_style\":\"reset\",\"title_element\":\"h3\",\"title_align\":\"top\",\"title_grid_width\":\"1-2\",\"title_grid_breakpoint\":\"m\",\"meta_style\":\"meta\",\"meta_align\":\"below-title\",\"meta_element\":\"div\",\"content_column_breakpoint\":\"m\",\"icon_width\":80,\"image_align\":\"right\",\"image_grid_width\":\"1-3\",\"image_grid_breakpoint\":\"m\",\"image_svg_color\":\"emphasis\",\"link_style\":\"primary\",\"margin\":\"default\",\"title\":\"Vis\\u00e3o Geral sobre o Projeto\",\"content\":\"\n\n<p>A Europa regista um crescimento econ\\u00f3mico lento e elevadas taxas de desemprego jovem, especialmente nas zonas rurais. 18,8% dos jovens que vivem nas zonas rurais dos 28 Estados-membros encontram-se desempregados, o que tem um impacto duradouro muito negativo, n\\u00e3o s\\u00f3 neles mesmos mas nos restantes habitantes locais. Considera-se que tal tem consequ\\u00eancias a v\\u00e1rios n\\u00edveis \\u2013 pessoal, econ\\u00f3mico e social -, que v\\u00e3o desde probabilidades mais altas de se encontrarem desempregados em fases mais tardias das suas vidas, sal\\u00e1rios mais baixos, compet\\u00eancias mais escassas e exclus\\u00e3o social, at\\u00e9 a serem arrastados para situa\\u00e7\\u00f5es que contribuem para uma redu\\u00e7\\u00e3o significativa dos seus n\\u00edveis de felicidade.<\\\/p>\\n\n\n<p>Promover o empreendedorismo jovem \\u00e9 a melhor forma de responder aos desafios enfrentados pelos jovens nas zonas rurais. No entanto, infelizmente, estas \\u00e1reas s\\u00e3o menos ativas na promo\\u00e7\\u00e3o do esp\\u00edrito empreendedor, o que leva, consequentemente, a priva\\u00e7\\u00f5es econ\\u00f3micas, a elevadas taxas de abandono e migra\\u00e7\\u00e3o, e a baixa qualidade de vida. Uma das raz\\u00f5es que justifica a falta de iniciativa empreendedora nas zonas rurais \\u00e9 a escassez de oportunidades para os jovens acederem a informa\\u00e7\\u00e3o e conte\\u00fado que lhes permita desenvolver as suas compet\\u00eancias empreendedoras e, assim, combater os entraves sociais e financeiros que muitas vezes encontram. <\\\/p>\",\"image\":\"wp-content\\\/uploads\\\/2022\\\/05\\\/b-class-website-template-Copy-09.png\",\"title_color\":\"success\",\"link\":\"#\",\"image_vertical_align\":true,\"link_fullwidth\":false},\"name\":\"Panel with image RIGHT\"}]}]},{\"type\":\"row\",\"children\":[{\"type\":\"column\",\"props\":{\"position_sticky_breakpoint\":\"m\",\"image_position\":\"center-center\",\"media_overlay_gradient\":\"\",\"width_medium\":\"\"},\"children\":[{\"type\":\"panel\",\"props\":{\"link_text\":\"Read more\",\"title_hover_style\":\"reset\",\"title_element\":\"h3\",\"title_align\":\"top\",\"title_grid_width\":\"1-2\",\"title_grid_breakpoint\":\"m\",\"meta_style\":\"meta\",\"meta_align\":\"below-title\",\"meta_element\":\"div\",\"content_column_breakpoint\":\"m\",\"icon_width\":80,\"image_align\":\"left\",\"image_grid_width\":\"1-3\",\"image_grid_breakpoint\":\"m\",\"image_svg_color\":\"emphasis\",\"link_style\":\"primary\",\"margin\":\"default\",\"title\":\"Objetivo\",\"content\":\"\n\n<p>Promover o empreendedorismo rural e jovem atrav\\u00e9s de um conjunto de informa\\u00e7\\u00e3o pr\\u00e1tica e te\\u00f3rica relevante para o desenvolvimento das compet\\u00eancias necess\\u00e1rias para dar in\\u00edcio a um neg\\u00f3cio ou projeto nas zonas rurais.<\\\/p>\",\"image\":\"wp-content\\\/uploads\\\/2022\\\/05\\\/b-class-website-template-Copy-10.png\",\"title_color\":\"success\",\"link\":\"\",\"image_vertical_align\":true},\"name\":\"left-image-panel\"}]}]},{\"type\":\"row\",\"children\":[{\"type\":\"column\",\"props\":{\"position_sticky_breakpoint\":\"m\",\"image_position\":\"center-center\",\"media_overlay_gradient\":\"\"},\"children\":[{\"type\":\"panel\",\"props\":{\"link_text\":\"Read more\",\"title_hover_style\":\"reset\",\"title_element\":\"h3\",\"title_align\":\"top\",\"title_grid_width\":\"1-2\",\"title_grid_breakpoint\":\"m\",\"meta_style\":\"meta\",\"meta_align\":\"below-title\",\"meta_element\":\"div\",\"content_column_breakpoint\":\"m\",\"icon_width\":80,\"image_align\":\"right\",\"image_grid_width\":\"1-3\",\"image_grid_breakpoint\":\"m\",\"image_svg_color\":\"emphasis\",\"link_style\":\"primary\",\"margin\":\"default\",\"title\":\"Objetivos Espec\\u00edficos\",\"content\":\"\n\n<ul>\\n\n\n<li aria-level=\\\"1\\\"><span>Acesso livre a recursos educativos abertos (OER) focados no empreendedorismo rural e na capacita\\u00e7\\u00e3o digital;<\\\/span><\\\/li>\\n\n\n<li aria-level=\\\"1\\\"><span>Acesso a recursos educativos, atualizados e adaptados \\u00e0s necessidades dos benefici\\u00e1rios, disponibilizados por entidades de educa\\u00e7\\u00e3o e forma\\u00e7\\u00e3o profissional ou outras;<\\\/span><\\\/li>\\n\n\n<li aria-level=\\\"1\\\"><span>Um ecossistema para o empreendedorismo, caracterizado pelo envolvimento ativo de stakeholders p\\u00fablicos e privados;<\\\/span><\\\/li>\\n\n\n<li aria-level=\\\"1\\\"><span>Aumentar a capacidade de subsist\\u00eancia em zonas rurais, atrav\\u00e9s da promo\\u00e7\\u00e3o de neg\\u00f3cios sustent\\u00e1veis e de emprego bem remunerado;<\\\/span><\\\/li>\\n\n\n<li aria-level=\\\"1\\\"><span>Proporcionar modos de vida mais satisfat\\u00f3rios, saud\\u00e1veis e seguros (a n\\u00edvel econ\\u00f3mico, social e ambiental), valorizando tamb\\u00e9m o contacto com a natureza.<\\\/span><\\\/li>\\n<\\\/ul>\\n\n\n<p><b>Stakeholders <\\\/b><\\\/p>\\n\n\n<ul>\\n\n\n<li aria-level=\\\"1\\\"><span>As entidades de forma\\u00e7\\u00e3o profissional ir\\u00e3o beneficiar com o acesso aos OER, que poder\\u00e3o utilizar com os seus benefici\\u00e1rios, assim como com a participa\\u00e7\\u00e3o nos Pain\\u00e9is para os Ecossistemas de Empreendedorismo Rural (REEPs);<\\\/span><\\\/li>\\n\n\n<li aria-level=\\\"1\\\"><span>As autoridades locais ter\\u00e3o mais facilidade em atrair jovens para as zonas rurais e em promover um crescimento econ\\u00f3mico equilibrado e sustent\\u00e1vel;<\\\/span><\\\/li>\\n\n\n<li aria-level=\\\"1\\\"><span>A parceria com organiza\\u00e7\\u00f5es privadas permitir\\u00e1 uma participa\\u00e7\\u00e3o mais ativa e uma maior facilidade nas candidaturas a programas nacionais de financiamento ou outros;<\\\/span><\\\/li>\\n\n\n<li aria-level=\\\"1\\\"><span>Associa\\u00e7\\u00f5es culturais e juvenis locais ir\\u00e3o beneficiar do incremento da popula\\u00e7\\u00e3o e do envolvimento da mesma nas suas atividades;<\\\/span><\\\/li>\\n\n\n<li aria-level=\\\"1\\\"><span>C\\u00e2maras e associa\\u00e7\\u00f5es profissionais ir\\u00e3o beneficiar com o crescimento econ\\u00f3mico local e com novos membros jovens, que trar\\u00e3o consigo ideias inovadoras.<\\\/span><\\\/li>\\n<\\\/ul>\\n\n\n<p><strong>Os decisores pol\\u00edticos ir\\u00e3o beneficiar com a participa\\u00e7\\u00e3o e feedback ativos por parte dos jovens, assim como, eventualmente, das boas pr\\u00e1ticas desenvolvidas.<\\\/strong><\\\/p>\\n\n\n<p><span><strong>A popula\\u00e7\\u00e3o rural em geral ir\\u00e1 beneficiar do crescimento econ\\u00f3mico, da revers\\u00e3o da taxa de envelhecimento, da renova\\u00e7\\u00e3o cultural e social, do\\u00a0 desenvolvimento sustent\\u00e1vel e do aumento da oferta de servi\\u00e7os nas suas regi\\u00f5es.<\\\/strong> <\\\/span><\\\/p>\\n\n\n<p><strong><span>As fam\\u00edlias tamb\\u00e9m ir\\u00e3o usufruir da vantagem de n\\u00e3o terem de se separar dos seus membros.<\\\/span><\\\/strong><\\\/p>\",\"image\":\"\",\"title_color\":\"success\",\"link\":\"\",\"css\":\".el-element{\\nbackground-color:#f2f2f2;\\n    padding: 20px 20px 20px 20px;\\n}\"},\"name\":\"right-image-panel\"}]}]}]}],\"version\":\"2.7.22\"} --><\/p>\n","protected":false},"excerpt":{"rendered":"<p>Sobre Vis\u00e3o Geral sobre o Projeto A Europa regista um crescimento econ\u00f3mico lento e elevadas taxas de desemprego jovem, especialmente nas zonas rurais. 18,8% dos..<\/p>\n","protected":false},"author":1,"featured_media":0,"parent":0,"menu_order":0,"comment_status":"closed","ping_status":"closed","template":"","meta":{"_acf_changed":false,"inline_featured_image":false,"footnotes":""},"class_list":["post-605","page","type-page","status-publish","hentry"],"acf":[],"_links":{"self":[{"href":"https:\/\/digirur.eu\/pt-pt\/wp-json\/wp\/v2\/pages\/605","targetHints":{"allow":["GET"]}}],"collection":[{"href":"https:\/\/digirur.eu\/pt-pt\/wp-json\/wp\/v2\/pages"}],"about":[{"href":"https:\/\/digirur.eu\/pt-pt\/wp-json\/wp\/v2\/types\/page"}],"author":[{"embeddable":true,"href":"https:\/\/digirur.eu\/pt-pt\/wp-json\/wp\/v2\/users\/1"}],"replies":[{"embeddable":true,"href":"https:\/\/digirur.eu\/pt-pt\/wp-json\/wp\/v2\/comments?post=605"}],"version-history":[{"count":6,"href":"https:\/\/digirur.eu\/pt-pt\/wp-json\/wp\/v2\/pages\/605\/revisions"}],"predecessor-version":[{"id":916,"href":"https:\/\/digirur.eu\/pt-pt\/wp-json\/wp\/v2\/pages\/605\/revisions\/916"}],"wp:attachment":[{"href":"https:\/\/digirur.eu\/pt-pt\/wp-json\/wp\/v2\/media?parent=605"}],"curies":[{"name":"wp","href":"https:\/\/api.w.org\/{rel}","templated":true}]}}