{"id":608,"date":"2022-03-21T06:09:31","date_gmt":"2022-03-21T06:09:31","guid":{"rendered":"https:\/\/digirur.eu\/parceiros\/"},"modified":"2022-09-02T07:49:55","modified_gmt":"2022-09-02T07:49:55","slug":"parceiros","status":"publish","type":"page","link":"https:\/\/digirur.eu\/pt-pt\/parceiros\/","title":{"rendered":"PARCEIROS"},"content":{"rendered":"<h1><span style=\"font-weight: 400;\">PARCEIROS <\/span><\/h1>\n<div>\n<p>        <img decoding=\"async\" src=\"\/wp-content\/uploads\/2022\/05\/Guru-Services-Logo.jpg\" alt=\"\"><\/p>\n<h3>GuruServices.Biz<\/h3>\n<div>\n<p><span style=\"font-weight: 400;\">A <\/span><b>GuruServices.Biz<\/b><span style=\"font-weight: 400;\">\u00a0\u00e9 uma empresa e uma marca empenhada em providenciar solu\u00e7\u00f5es pioneiras, mas ainda assim pr\u00e1ticas, facilmente aplic\u00e1veis e mensur\u00e1veis, para fins de receita, participa\u00e7\u00e3o de mercado e crescimento de lucro.\u00a0<\/span><\/p>\n<p><span style=\"font-weight: 400;\">Composta por dois parceiros, Elena Mathiou-Rose e Jonathan Rose, a GuruServices.Biz, que conta com uma vasta experi\u00eancia operacional internacional em v\u00e1rias ind\u00fastrias e \u00e1reas comerciais, destaca-se por: 1. Prestar aten\u00e7\u00e3o a cada detalhe e ao desenvolvimento de cada tarefa, at\u00e9 alcan\u00e7ar o objetivo final, e 2. Pr\u00e1ticas e abordagens sistem\u00e1ticas de neg\u00f3cio para garantir os resultados de mercado mais elevados, em equipa.\u00a0<\/span><\/p>\n<p><span style=\"font-weight: 400;\">O objetivo da GuruServices.Biz \u00e9 facilitar e possibilitar que equipas de neg\u00f3cio maximizem o seu potencial e alcancem os resultados, lucros e receitas de forma r\u00e1pida e fazendo uso eficaz de custos e recursos. Pretendem faz\u00ea-lo combinando a) um conjunto de ferramentas, compet\u00eancias, abordagens e metodologias de alto n\u00edvel, aprimoradas ao longo de anos de experi\u00eancia pr\u00e1tica com b) uma abordagem personalizada e adaptada \u00e0s necessidades concretas dos seus clientes. <\/span><\/p>\n<\/div>\n<p><a href=\"https:\/\/www.guruservices.biz\/\">Website<\/a><\/p>\n<\/div>\n<div>\n<p>        <img decoding=\"async\" src=\"\/wp-content\/uploads\/2022\/05\/VirtualCampus-Logo-02.png\" alt=\"\"><\/p>\n<h3>Virtual Campus LDA<\/h3>\n<div>\n<p><span style=\"font-weight: 400;\">A<strong> Virtual Campus<\/strong> \u00e9 uma empresa de consultoria, forma\u00e7\u00e3o e desenvolvimento na \u00e1rea da aprendizagem assistida por tecnologia, jogos s\u00e9rios e sistemas de informa\u00e7\u00e3o. A sua vis\u00e3o \u00e9 promover ativamente o desenvolvimento da sociedade do conhecimento, atrav\u00e9s da cria\u00e7\u00e3o de ambientes digitais para a educa\u00e7\u00e3o e forma\u00e7\u00e3o. O p\u00fablico- alvo inclui crian\u00e7as em idade escolar, alunos do ensino profissional, adultos, professores e formadores, e profissionais de v\u00e1rios setores. A Virtual Campus desenvolve e personaliza plataformas digitais, organiza cursos online, planeia e gera conte\u00fado multim\u00e9dia, e define estrat\u00e9gias de aprendizagem, promovendo o estabelecimento de comunidades virtuais. Al\u00e9m disso, a empresa desenvolve aplica\u00e7\u00f5es m\u00f3veis, jogos s\u00e9rios e ambientes digitais para fins de educa\u00e7\u00e3o e forma\u00e7\u00e3o. Conta com mais de 10 anos de experi\u00eancia na gest\u00e3o de projetos europeus, e constituiu uma vasta rede de parceiros, mantendo liga\u00e7\u00f5es com universidades, institui\u00e7\u00f5es p\u00fablicas, associa\u00e7\u00f5es, ONGs, entre outros, a n\u00edvel nacional e europeu.\u00a0<\/span><\/p>\n<p><span style=\"font-weight: 400;\">A sua contribui\u00e7\u00e3o \u00e9 sobretudo a experi\u00eancia operacional, assim como o contacto direto com o p\u00fablico-alvo e com as suas necessidades, atrav\u00e9s da sua rede de contactos.<\/span><\/p>\n<\/div>\n<p><a href=\"https:\/\/virtual-campus.eu\/\">Website<\/a><\/p>\n<\/div>\n<div>\n<p>        <img decoding=\"async\" src=\"\/wp-content\/uploads\/2022\/05\/download.png\" alt=\"\"><\/p>\n<h3>Universitat Internacional de Catalunya (UIC Barcelona)<\/h3>\n<div>\n<p><span style=\"font-weight: 400;\">A <\/span><b>Universitat Internacional de Catalunya (UIC Barcelona)<\/b><span style=\"font-weight: 400;\">, fundada em 1997, \u00e9 uma funda\u00e7\u00e3o privada e tem um estatuto jur\u00eddico pr\u00f3prio. Como institui\u00e7\u00e3o sem fins lucrativos, a nossa universidade visa prestar um servi\u00e7o \u00e0 sociedade providenciando atividades de ensino e investiga\u00e7\u00e3o voltadas para a capacita\u00e7\u00e3o profissional e forma\u00e7\u00e3o cient\u00edfica, cultural e humana dos alunos, al\u00e9m de oferecer atividades de promo\u00e7\u00e3o cultural.<\/span><\/p>\n<p><span style=\"font-weight: 400;\">Hoje, a universidade \u00e9 constitu\u00edda por oito faculdades, al\u00e9m da Escola Doutoral. Os programas acad\u00e9micos oferecidos pela UIC Barcelona incluem um total de 15 licenciaturas e uma ampla gama de ciclos de estudos de mestrado e p\u00f3s-gradua\u00e7\u00e3o. Em todos eles, a UIC oferece uma educa\u00e7\u00e3o altamente personalizada com uma forte componente vocacional. O car\u00e1ter internacional da universidade \u00e9 uma caracter\u00edstica importante. Assim sendo,\u00a0 25% dos nossos alunos v\u00eam do exterior. A UIC oferece uma variedade de programas de interc\u00e2mbio internacional para o corpo acad\u00e9mico e tamb\u00e9m para funcion\u00e1rios.<\/span><\/p>\n<p><span style=\"font-weight: 400;\">A UIC Barcelona tem dois campus. O Campus de Barcelona abriga as faculdades de Ci\u00eancias Humanas, Ci\u00eancias da Comunica\u00e7\u00e3o, Direito, Economia e Ci\u00eancias Sociais e Educa\u00e7\u00e3o, bem como a Escola de Arquitetura. Este campus tamb\u00e9m conta com o Instituto de Investiga\u00e7\u00e3o em Avalia\u00e7\u00e3o e Pol\u00edticas P\u00fablicas, o Instituto de Estudos Avan\u00e7ados da Fam\u00edlia, o Instituto de Multilinguismo e a Escola Doutoral.<\/span><\/p>\n<p><span style=\"font-weight: 400;\">O Campus Sant Cugat inclui a Faculdade de Medicina e Ci\u00eancias da Sa\u00fade e a Faculdade de Odontologia, situadas dentro do recinto do Hospital Geral da Catalunha.<\/span><\/p>\n<p><span style=\"font-weight: 400;\">A experi\u00eancia pr\u00e1tica, particularmente neste campus, \u00e9 vista como a base de uma aprendizagem bem-sucedida. Este campus tamb\u00e9m abriga o Instituto Universit\u00e1rio de Cuidado ao Paciente e o Instituto de Tecnologia de Bioengenharia.<\/span><\/p>\n<p><span style=\"font-weight: 400;\">Em outubro de 2016, a Universitat Internacional de Catalunya assinou a \u201cCarta Europeia dos Investigadores\u201d e o \u201cC\u00f3digo de Conduta para o Recrutamento de Investigadores\u201d com o objetivo de incentivar e melhorar o recrutamento de investigadores e demonstrar o seu compromisso com esta iniciativa da Comiss\u00e3o Europeia. Em maio de 2018, a Universitat Internacional de Catalunya foi reconhecida pela EURAXESS com o HR Excellence in Research Award.<\/span><\/p>\n<\/div>\n<p><a href=\"https:\/\/www.uic.es\/en\">Website<\/a><\/p>\n<\/div>\n<div>\n<p>        <img decoding=\"async\" src=\"\/wp-content\/uploads\/2022\/07\/Logo-LAG-_-MIG-02.png\" alt=\"\"><\/p>\n<h3>LAG<\/h3>\n<div>\n<p><span style=\"font-weight: 400;\"><strong>LAG<\/strong>: O LAG Panagyurishte, em Strelcha, Lesichovo \u00e9 uma organiza\u00e7\u00e3o que estabelece a liga\u00e7\u00e3o entre o governo local, o setor empresarial e n\u00e3o governamental de tr\u00eas munic\u00edpios rurais da Bulg\u00e1ria. O LAG concentra os seus esfor\u00e7os no desenvolvimento da comunidade local e no fomento da atividade c\u00edvica da popula\u00e7\u00e3o local atrav\u00e9s da organiza\u00e7\u00e3o de v\u00e1rias campanhas, iniciativas e forma\u00e7\u00f5es de representantes de neg\u00f3cios locais, do setor n\u00e3o governamental, jovens, representantes de grupos vulner\u00e1veis \u200b\u200be outros.<\/span><\/p>\n<\/div>\n<p><a href=\"https:\/\/lagpsl.bg\/\">Website<\/a><\/p>\n<\/div>\n<div>\n<p>        <img decoding=\"async\" src=\"\/wp-content\/uploads\/2022\/05\/cardet_logo_new-03.png\" alt=\"\"><\/p>\n<h3>CARDET<\/h3>\n<div>\n<div class=\"el-content uk-panel uk-margin-top\">\n<p><span style=\"font-weight: 400;\">A <strong>CARDET<\/strong> \u00e9 um dos mais importantes centros de investiga\u00e7\u00e3o e desenvolvimento da regi\u00e3o do Mediterr\u00e2neo, contando com experi\u00eancia global no planeamento e implementa\u00e7\u00e3o de projetos, desenvolvimento de capacidades e e-learning. \u00c9 afiliada independente de universidades e institui\u00e7\u00f5es de todo o mundo, como as Universidades de Yale e de Nic\u00f3sia e o Conselho Internacional de M\u00e9dia Educacional. A CARDET esteve envolvida em v\u00e1rios projetos relacionados com capacita\u00e7\u00e3o e planeamento em v\u00e1rias \u00e1reas &#8211; educa\u00e7\u00e3o, forma\u00e7\u00e3o profissional, apoio a jovens, ensino para adultos, literacia, ferramentas digitais, e-learning, tecnologia educacional e inclus\u00e3o social e grupos marginalizados. <\/span><\/p>\n<\/div>\n<\/div>\n<p><a href=\"https:\/\/cardet.org\/\">Website<\/a><\/p>\n<\/div>\n<div>\n<p>        <img decoding=\"async\" src=\"\/wp-content\/uploads\/2022\/07\/logo-ITTI_c.jpg\" alt=\"\"><\/p>\n<h3>Institute for Technology Transfer and Innovations (ITTI)<\/h3>\n<div>\n<p><span style=\"font-weight: 400;\">O <\/span><b>Institute for Technology Transfer and Innovations (ITTI) <\/b><span style=\"font-weight: 400;\">tem como objetivos a cria\u00e7\u00e3o e desenvolvimento de infraestrutura nacional inovadora, a promo\u00e7\u00e3o do conhecimento, a estimula\u00e7\u00e3o do empreendedorismo tecnol\u00f3gico, a transfer\u00eancia de conhecimento e tecnologia e a aplica\u00e7\u00e3o de produtos inovadores ao mercado.\u00a0<\/span><\/p>\n<p><span style=\"font-weight: 400;\">As atividades do Instituto contribuem para o desenvolvimento e financiamento da investiga\u00e7\u00e3o, desenvolvimento e aplica\u00e7\u00e3o de solu\u00e7\u00f5es inovadoras. O foco \u00e9 a coopera\u00e7\u00e3o entre empresas e a comunidade cient\u00edfica. O <\/span><b>Institute for Technology Transfer and Innovations (ITTI) <\/b><span style=\"font-weight: 400;\">foi criado em Dezembro de 2013 na cidade de Plovdiv, na Bulg\u00e1ria, enquanto organiza\u00e7\u00e3o n\u00e3o-governamental e sem fins lucrativos, e encontra-se registado de acordo com a Lei para Entidades Judiciais sem Fins Lucrativos.<\/span><\/p>\n<\/div>\n<p><a href=\"https:\/\/ittibg.org\/\">Website<\/a><\/p>\n<\/div>\n<div>\n<p>        <img decoding=\"async\" src=\"\/wp-content\/uploads\/2022\/07\/logo_4-1.png\" alt=\"\"><\/p>\n<h3>IECE<\/h3>\n<div>\n<div class=\"el-content uk-panel uk-margin-top\">\n<p><span style=\"font-weight: 400;\">O IECE pretende ser uma<\/span><b> interface para a academia e a ind\u00fastria<\/b><span style=\"font-weight: 400;\">, promovendo a troca m\u00fatua e ben\u00e9fica de conhecimento, ideias e experi\u00eancia, para assim criar plataformas para troca de conhecimento e networking, e para desenvolver programas e atividades que ajudar\u00e3o a garantir o bem-estar das gera\u00e7\u00f5es futuras.<\/span><\/p>\n<p><span style=\"font-weight: 400;\">O IECE j\u00e1 trabalhou com mais de 200 parceiros de 25 pa\u00edses diferentes.<\/span><\/p>\n<p><span style=\"font-weight: 400;\">O IECE concentra os seus programas de educa\u00e7\u00e3o, investiga\u00e7\u00e3o e desenvolvimento de capacidades em seis \u00e1reas: <\/span><b>Meio Ambiente, Engenharia Civil, Energia, Gest\u00e3o, Ci\u00eancias Sociais e TI<\/b><span style=\"font-weight: 400;\">. Atrav\u00e9s destas \u00e1reas, o Instituto aborda as principais quest\u00f5es e desafios de sustentabilidade \u200b\u200benfrentados a n\u00edvel internacional.<\/span><\/p>\n<p><b>A estrat\u00e9gia do instituto baseia-se na orienta\u00e7\u00e3o para o desenvolvimento sustent\u00e1vel e na promo\u00e7\u00e3o de uma economia baseada no conhecimento<\/b><span style=\"font-weight: 400;\">, de modo a encorajar as gera\u00e7\u00f5es futuras a continuar a descobrir, criar, modelar, executar, monitorizar e melhorar as atividades de I&amp;D e a aplicar os conhecimentos, compet\u00eancias e capacidades necess\u00e1rios para garantir o bem-estar das gera\u00e7\u00f5es futuras.<\/span><\/p>\n<\/div>\n<\/div>\n<p><a href=\"http:\/\/www.iege.edu.mk\/\">Website<\/a><\/p>\n<\/div>\n<div>\n<p>        <img decoding=\"async\" src=\"\/wp-content\/uploads\/2022\/08\/CrethidevFinal_new1-scaled.jpg\" alt=\"\"><\/p>\n<h3>CRE.THI.DEV.<\/h3>\n<div>\n<p><span>A <strong>Creative Thinking Development<\/strong> &#8211; <strong>CRETHIDEV<\/strong> \u00e9 uma empresa sem fins lucrativos focada na investiga\u00e7\u00e3o, assim como no desenvolvimento de estudos e de planos de a\u00e7\u00e3o principalmente nas \u00e1reas da educa\u00e7\u00e3o cont\u00ednua, prote\u00e7\u00e3o ambiental, inova\u00e7\u00e3o, empregabilidade, desenvolvimento local, sa\u00fade, desporto e cultura. Atrav\u00e9s da troca de conhecimento e experi\u00eancia e de projetos de forma\u00e7\u00e3o e investiga\u00e7\u00e3o colaborativos e da coopera\u00e7\u00e3o com universidades, empresas, autoridades p\u00fablicas e centros de forma\u00e7\u00e3o, procuramos criar um reposit\u00f3rio de conhecimento e facilitar o networking e a coopera\u00e7\u00e3o entre autoridades, organiza\u00e7\u00f5es e associa\u00e7\u00f5es empresariais, a n\u00edvel local, regional, nacional, Europeu e internacional. A CRETHIDEV foi criada e \u00e9 mantida por uma equipa de profissionais experientes que contam com s\u00f3lida forma\u00e7\u00e3o cient\u00edfica, coopera\u00e7\u00e3o a longo prazo com empresas e setores tradicionais da economia grega, dilig\u00eancia profissional e entusiasmo. A forma\u00e7\u00e3o acad\u00e9mica e experi\u00eancia dos profissionais abrange um vasto leque de disciplinas e fun\u00e7\u00f5es.<\/span><\/p>\n<\/div>\n<p><a href=\"https:\/\/www.crethidev.gr\/\">Website<\/a><\/p>\n<\/div>\n<p><!--more--><br \/>\n<!-- {\"type\":\"layout\",\"children\":[{\"type\":\"section\",\"props\":{\"style\":\"default\",\"width\":\"default\",\"vertical_align\":\"middle\",\"title_position\":\"top-left\",\"title_rotation\":\"left\",\"title_breakpoint\":\"xl\",\"image_position\":\"center-center\"},\"children\":[{\"type\":\"row\",\"children\":[{\"type\":\"column\",\"props\":{\"position_sticky_breakpoint\":\"m\",\"image_position\":\"center-center\",\"media_overlay_gradient\":\"\"},\"children\":[{\"type\":\"headline\",\"props\":{\"title_element\":\"h1\",\"title_style\":\"h1\",\"title_color\":\"success\",\"text_align\":\"left\",\"content\":\"<span style=\\\"font-weight: 400;\\\">PARCEIROS <\\\/span>\"},\"name\":\"headline-pages\"}]}]},{\"type\":\"row\",\"children\":[{\"type\":\"column\",\"props\":{\"position_sticky_breakpoint\":\"m\",\"image_position\":\"center-center\",\"media_overlay_gradient\":\"\"},\"children\":[{\"type\":\"panel\",\"props\":{\"link_text\":\"Website\",\"title_hover_style\":\"reset\",\"title_element\":\"h3\",\"title_align\":\"top\",\"title_grid_width\":\"1-2\",\"title_grid_breakpoint\":\"m\",\"meta_style\":\"meta\",\"meta_align\":\"below-title\",\"meta_element\":\"div\",\"content_column_breakpoint\":\"m\",\"icon_width\":80,\"image_align\":\"left\",\"image_grid_width\":\"1-3\",\"image_grid_breakpoint\":\"m\",\"image_svg_color\":\"emphasis\",\"link_style\":\"primary\",\"margin\":\"default\",\"title\":\"GuruServices.Biz\",\"content\":\"\n\n<p><span style=\\\"font-weight: 400;\\\">A <\\\/span><b>GuruServices.Biz<\\\/b><span style=\\\"font-weight: 400;\\\">\\u00a0\\u00e9 uma empresa e uma marca empenhada em providenciar solu\\u00e7\\u00f5es pioneiras, mas ainda assim pr\\u00e1ticas, facilmente aplic\\u00e1veis e mensur\\u00e1veis, para fins de receita, participa\\u00e7\\u00e3o de mercado e crescimento de lucro.\\u00a0<\\\/span><\\\/p>\\n\n\n<p><span style=\\\"font-weight: 400;\\\">Composta por dois parceiros, Elena Mathiou-Rose e Jonathan Rose, a GuruServices.Biz, que conta com uma vasta experi\\u00eancia operacional internacional em v\\u00e1rias ind\\u00fastrias e \\u00e1reas comerciais, destaca-se por: 1. Prestar aten\\u00e7\\u00e3o a cada detalhe e ao desenvolvimento de cada tarefa, at\\u00e9 alcan\\u00e7ar o objetivo final, e 2. Pr\\u00e1ticas e abordagens sistem\\u00e1ticas de neg\\u00f3cio para garantir os resultados de mercado mais elevados, em equipa.\\u00a0<\\\/span><\\\/p>\\n\n\n<p><span style=\\\"font-weight: 400;\\\">O objetivo da GuruServices.Biz \\u00e9 facilitar e possibilitar que equipas de neg\\u00f3cio maximizem o seu potencial e alcancem os resultados, lucros e receitas de forma r\\u00e1pida e fazendo uso eficaz de custos e recursos. Pretendem faz\\u00ea-lo combinando a) um conjunto de ferramentas, compet\\u00eancias, abordagens e metodologias de alto n\\u00edvel, aprimoradas ao longo de anos de experi\\u00eancia pr\\u00e1tica com b) uma abordagem personalizada e adaptada \\u00e0s necessidades concretas dos seus clientes. <\\\/span><\\\/p>\",\"image\":\"wp-content\\\/uploads\\\/2022\\\/05\\\/Guru-Services-Logo.jpg\",\"title_color\":\"success\",\"link\":\"https:\\\/\\\/www.guruservices.biz\\\/\",\"image_vertical_align\":true},\"name\":\"Panel with image LEFT\"}]}]},{\"type\":\"row\",\"children\":[{\"type\":\"column\",\"props\":{\"position_sticky_breakpoint\":\"m\",\"image_position\":\"center-center\",\"media_overlay_gradient\":\"\"},\"children\":[{\"type\":\"panel\",\"props\":{\"link_text\":\"Website\",\"title_hover_style\":\"reset\",\"title_element\":\"h3\",\"title_align\":\"top\",\"title_grid_width\":\"1-2\",\"title_grid_breakpoint\":\"m\",\"meta_style\":\"meta\",\"meta_align\":\"below-title\",\"meta_element\":\"div\",\"content_column_breakpoint\":\"m\",\"icon_width\":80,\"image_align\":\"right\",\"image_grid_width\":\"1-3\",\"image_grid_breakpoint\":\"m\",\"image_svg_color\":\"emphasis\",\"link_style\":\"primary\",\"margin\":\"default\",\"title\":\"Virtual Campus LDA\",\"content\":\"\n\n<p><span style=\\\"font-weight: 400;\\\">A<strong> Virtual Campus<\\\/strong> \\u00e9 uma empresa de consultoria, forma\\u00e7\\u00e3o e desenvolvimento na \\u00e1rea da aprendizagem assistida por tecnologia, jogos s\\u00e9rios e sistemas de informa\\u00e7\\u00e3o. A sua vis\\u00e3o \\u00e9 promover ativamente o desenvolvimento da sociedade do conhecimento, atrav\\u00e9s da cria\\u00e7\\u00e3o de ambientes digitais para a educa\\u00e7\\u00e3o e forma\\u00e7\\u00e3o. O p\\u00fablico- alvo inclui crian\\u00e7as em idade escolar, alunos do ensino profissional, adultos, professores e formadores, e profissionais de v\\u00e1rios setores. A Virtual Campus desenvolve e personaliza plataformas digitais, organiza cursos online, planeia e gera conte\\u00fado multim\\u00e9dia, e define estrat\\u00e9gias de aprendizagem, promovendo o estabelecimento de comunidades virtuais. Al\\u00e9m disso, a empresa desenvolve aplica\\u00e7\\u00f5es m\\u00f3veis, jogos s\\u00e9rios e ambientes digitais para fins de educa\\u00e7\\u00e3o e forma\\u00e7\\u00e3o. Conta com mais de 10 anos de experi\\u00eancia na gest\\u00e3o de projetos europeus, e constituiu uma vasta rede de parceiros, mantendo liga\\u00e7\\u00f5es com universidades, institui\\u00e7\\u00f5es p\\u00fablicas, associa\\u00e7\\u00f5es, ONGs, entre outros, a n\\u00edvel nacional e europeu.\\u00a0<\\\/span><\\\/p>\\n\n\n<p><span style=\\\"font-weight: 400;\\\">A sua contribui\\u00e7\\u00e3o \\u00e9 sobretudo a experi\\u00eancia operacional, assim como o contacto direto com o p\\u00fablico-alvo e com as suas necessidades, atrav\\u00e9s da sua rede de contactos.<\\\/span><\\\/p>\",\"image\":\"wp-content\\\/uploads\\\/2022\\\/05\\\/VirtualCampus-Logo-02.png\",\"title_color\":\"success\",\"link\":\"https:\\\/\\\/virtual-campus.eu\\\/\"},\"name\":\"Panel with image RIGHT\"}]}]},{\"type\":\"row\",\"children\":[{\"type\":\"column\",\"props\":{\"position_sticky_breakpoint\":\"m\",\"image_position\":\"center-center\",\"media_overlay_gradient\":\"\"},\"children\":[{\"type\":\"panel\",\"props\":{\"link_text\":\"[website_text]\",\"title_hover_style\":\"reset\",\"title_element\":\"h3\",\"title_align\":\"top\",\"title_grid_width\":\"1-2\",\"title_grid_breakpoint\":\"m\",\"meta_style\":\"meta\",\"meta_align\":\"below-title\",\"meta_element\":\"div\",\"content_column_breakpoint\":\"m\",\"icon_width\":80,\"image_align\":\"left\",\"image_grid_width\":\"1-3\",\"image_grid_breakpoint\":\"m\",\"image_svg_color\":\"emphasis\",\"link_style\":\"primary\",\"margin\":\"default\",\"title\":\"Universitat Internacional de Catalunya (UIC Barcelona)\",\"content\":\"\n\n<p><span style=\\\"font-weight: 400;\\\">A <\\\/span><b>Universitat Internacional de Catalunya (UIC Barcelona)<\\\/b><span style=\\\"font-weight: 400;\\\">, fundada em 1997, \\u00e9 uma funda\\u00e7\\u00e3o privada e tem um estatuto jur\\u00eddico pr\\u00f3prio. Como institui\\u00e7\\u00e3o sem fins lucrativos, a nossa universidade visa prestar um servi\\u00e7o \\u00e0 sociedade providenciando atividades de ensino e investiga\\u00e7\\u00e3o voltadas para a capacita\\u00e7\\u00e3o profissional e forma\\u00e7\\u00e3o cient\\u00edfica, cultural e humana dos alunos, al\\u00e9m de oferecer atividades de promo\\u00e7\\u00e3o cultural.<\\\/span><\\\/p>\\n\n\n<p><span style=\\\"font-weight: 400;\\\">Hoje, a universidade \\u00e9 constitu\\u00edda por oito faculdades, al\\u00e9m da Escola Doutoral. Os programas acad\\u00e9micos oferecidos pela UIC Barcelona incluem um total de 15 licenciaturas e uma ampla gama de ciclos de estudos de mestrado e p\\u00f3s-gradua\\u00e7\\u00e3o. Em todos eles, a UIC oferece uma educa\\u00e7\\u00e3o altamente personalizada com uma forte componente vocacional. O car\\u00e1ter internacional da universidade \\u00e9 uma caracter\\u00edstica importante. Assim sendo,\\u00a0 25% dos nossos alunos v\\u00eam do exterior. A UIC oferece uma variedade de programas de interc\\u00e2mbio internacional para o corpo acad\\u00e9mico e tamb\\u00e9m para funcion\\u00e1rios.<\\\/span><\\\/p>\\n\n\n<p><span style=\\\"font-weight: 400;\\\">A UIC Barcelona tem dois campus. O Campus de Barcelona abriga as faculdades de Ci\\u00eancias Humanas, Ci\\u00eancias da Comunica\\u00e7\\u00e3o, Direito, Economia e Ci\\u00eancias Sociais e Educa\\u00e7\\u00e3o, bem como a Escola de Arquitetura. Este campus tamb\\u00e9m conta com o Instituto de Investiga\\u00e7\\u00e3o em Avalia\\u00e7\\u00e3o e Pol\\u00edticas P\\u00fablicas, o Instituto de Estudos Avan\\u00e7ados da Fam\\u00edlia, o Instituto de Multilinguismo e a Escola Doutoral.<\\\/span><\\\/p>\\n\n\n<p><span style=\\\"font-weight: 400;\\\">O Campus Sant Cugat inclui a Faculdade de Medicina e Ci\\u00eancias da Sa\\u00fade e a Faculdade de Odontologia, situadas dentro do recinto do Hospital Geral da Catalunha.<\\\/span><\\\/p>\\n\n\n<p><span style=\\\"font-weight: 400;\\\">A experi\\u00eancia pr\\u00e1tica, particularmente neste campus, \\u00e9 vista como a base de uma aprendizagem bem-sucedida. Este campus tamb\\u00e9m abriga o Instituto Universit\\u00e1rio de Cuidado ao Paciente e o Instituto de Tecnologia de Bioengenharia.<\\\/span><\\\/p>\\n\n\n<p><span style=\\\"font-weight: 400;\\\">Em outubro de 2016, a Universitat Internacional de Catalunya assinou a \\u201cCarta Europeia dos Investigadores\\u201d e o \\u201cC\\u00f3digo de Conduta para o Recrutamento de Investigadores\\u201d com o objetivo de incentivar e melhorar o recrutamento de investigadores e demonstrar o seu compromisso com esta iniciativa da Comiss\\u00e3o Europeia. Em maio de 2018, a Universitat Internacional de Catalunya foi reconhecida pela EURAXESS com o HR Excellence in Research Award.<\\\/span><\\\/p>\",\"image\":\"wp-content\\\/uploads\\\/2022\\\/05\\\/download.png\",\"title_color\":\"success\",\"link\":\"https:\\\/\\\/www.uic.es\\\/en\",\"image_vertical_align\":true},\"name\":\"Panel with image LEFT\"}]}]},{\"type\":\"row\",\"children\":[{\"type\":\"column\",\"props\":{\"position_sticky_breakpoint\":\"m\",\"image_position\":\"center-center\",\"media_overlay_gradient\":\"\"},\"children\":[{\"type\":\"panel\",\"props\":{\"link_text\":\"Website\",\"title_hover_style\":\"reset\",\"title_element\":\"h3\",\"title_align\":\"top\",\"title_grid_width\":\"1-2\",\"title_grid_breakpoint\":\"m\",\"meta_style\":\"meta\",\"meta_align\":\"below-title\",\"meta_element\":\"div\",\"content_column_breakpoint\":\"m\",\"icon_width\":80,\"image_align\":\"right\",\"image_grid_width\":\"1-3\",\"image_grid_breakpoint\":\"m\",\"image_svg_color\":\"emphasis\",\"link_style\":\"primary\",\"margin\":\"default\",\"title\":\"LAG\",\"content\":\"\n\n<p><span style=\\\"font-weight: 400;\\\"><strong>LAG<\\\/strong>: O LAG Panagyurishte, em Strelcha, Lesichovo \\u00e9 uma organiza\\u00e7\\u00e3o que estabelece a liga\\u00e7\\u00e3o entre o governo local, o setor empresarial e n\\u00e3o governamental de tr\\u00eas munic\\u00edpios rurais da Bulg\\u00e1ria. O LAG concentra os seus esfor\\u00e7os no desenvolvimento da comunidade local e no fomento da atividade c\\u00edvica da popula\\u00e7\\u00e3o local atrav\\u00e9s da organiza\\u00e7\\u00e3o de v\\u00e1rias campanhas, iniciativas e forma\\u00e7\\u00f5es de representantes de neg\\u00f3cios locais, do setor n\\u00e3o governamental, jovens, representantes de grupos vulner\\u00e1veis \\u200b\\u200be outros.<\\\/span><\\\/p>\",\"image\":\"wp-content\\\/uploads\\\/2022\\\/07\\\/Logo-LAG-_-MIG-02.png\",\"title_color\":\"success\",\"link\":\"https:\\\/\\\/lagpsl.bg\\\/\"},\"name\":\"Panel with image RIGHT\"}]}]},{\"type\":\"row\",\"children\":[{\"type\":\"column\",\"props\":{\"position_sticky_breakpoint\":\"m\",\"image_position\":\"center-center\",\"media_overlay_gradient\":\"\"},\"children\":[{\"type\":\"panel\",\"props\":{\"link_text\":\"[website_text]\",\"title_hover_style\":\"reset\",\"title_element\":\"h3\",\"title_align\":\"top\",\"title_grid_width\":\"1-2\",\"title_grid_breakpoint\":\"m\",\"meta_style\":\"meta\",\"meta_align\":\"below-title\",\"meta_element\":\"div\",\"content_column_breakpoint\":\"m\",\"icon_width\":80,\"image_align\":\"left\",\"image_grid_width\":\"1-3\",\"image_grid_breakpoint\":\"m\",\"image_svg_color\":\"emphasis\",\"link_style\":\"primary\",\"margin\":\"default\",\"title\":\"CARDET\",\"content\":\"\n\n<div class=\\\"el-content uk-panel uk-margin-top\\\">\\n\n\n<p><span style=\\\"font-weight: 400;\\\">A <strong>CARDET<\\\/strong> \\u00e9 um dos mais importantes centros de investiga\\u00e7\\u00e3o e desenvolvimento da regi\\u00e3o do Mediterr\\u00e2neo, contando com experi\\u00eancia global no planeamento e implementa\\u00e7\\u00e3o de projetos, desenvolvimento de capacidades e e-learning. \\u00c9 afiliada independente de universidades e institui\\u00e7\\u00f5es de todo o mundo, como as Universidades de Yale e de Nic\\u00f3sia e o Conselho Internacional de M\\u00e9dia Educacional. A CARDET esteve envolvida em v\\u00e1rios projetos relacionados com capacita\\u00e7\\u00e3o e planeamento em v\\u00e1rias \\u00e1reas - educa\\u00e7\\u00e3o, forma\\u00e7\\u00e3o profissional, apoio a jovens, ensino para adultos, literacia, ferramentas digitais, e-learning, tecnologia educacional e inclus\\u00e3o social e grupos marginalizados. <\\\/span><\\\/p>\\n<\\\/div>\",\"image\":\"wp-content\\\/uploads\\\/2022\\\/05\\\/cardet_logo_new-03.png\",\"title_color\":\"success\",\"link\":\"https:\\\/\\\/cardet.org\\\/\",\"image_vertical_align\":true},\"name\":\"Panel with image LEFT\"}]}]},{\"type\":\"row\",\"children\":[{\"type\":\"column\",\"props\":{\"position_sticky_breakpoint\":\"m\",\"image_position\":\"center-center\",\"media_overlay_gradient\":\"\"},\"children\":[{\"type\":\"panel\",\"props\":{\"link_text\":\"Website\",\"title_hover_style\":\"reset\",\"title_element\":\"h3\",\"title_align\":\"top\",\"title_grid_width\":\"1-2\",\"title_grid_breakpoint\":\"m\",\"meta_style\":\"meta\",\"meta_align\":\"below-title\",\"meta_element\":\"div\",\"content_column_breakpoint\":\"m\",\"icon_width\":80,\"image_align\":\"right\",\"image_grid_width\":\"1-3\",\"image_grid_breakpoint\":\"m\",\"image_svg_color\":\"emphasis\",\"link_style\":\"primary\",\"margin\":\"default\",\"title\":\"Institute for Technology Transfer and Innovations (ITTI)\",\"content\":\"\n\n<p><span style=\\\"font-weight: 400;\\\">O <\\\/span><b>Institute for Technology Transfer and Innovations (ITTI) <\\\/b><span style=\\\"font-weight: 400;\\\">tem como objetivos a cria\\u00e7\\u00e3o e desenvolvimento de infraestrutura nacional inovadora, a promo\\u00e7\\u00e3o do conhecimento, a estimula\\u00e7\\u00e3o do empreendedorismo tecnol\\u00f3gico, a transfer\\u00eancia de conhecimento e tecnologia e a aplica\\u00e7\\u00e3o de produtos inovadores ao mercado.\\u00a0<\\\/span><\\\/p>\\n\n\n<p><span style=\\\"font-weight: 400;\\\">As atividades do Instituto contribuem para o desenvolvimento e financiamento da investiga\\u00e7\\u00e3o, desenvolvimento e aplica\\u00e7\\u00e3o de solu\\u00e7\\u00f5es inovadoras. O foco \\u00e9 a coopera\\u00e7\\u00e3o entre empresas e a comunidade cient\\u00edfica. O <\\\/span><b>Institute for Technology Transfer and Innovations (ITTI) <\\\/b><span style=\\\"font-weight: 400;\\\">foi criado em Dezembro de 2013 na cidade de Plovdiv, na Bulg\\u00e1ria, enquanto organiza\\u00e7\\u00e3o n\\u00e3o-governamental e sem fins lucrativos, e encontra-se registado de acordo com a Lei para Entidades Judiciais sem Fins Lucrativos.<\\\/span><\\\/p>\",\"image\":\"wp-content\\\/uploads\\\/2022\\\/07\\\/logo-ITTI_c.jpg\",\"title_color\":\"success\",\"link\":\"https:\\\/\\\/ittibg.org\\\/\"},\"name\":\"Panel with image RIGHT\"}]}]},{\"type\":\"row\",\"children\":[{\"type\":\"column\",\"props\":{\"position_sticky_breakpoint\":\"m\",\"image_position\":\"center-center\",\"media_overlay_gradient\":\"\"},\"children\":[{\"type\":\"panel\",\"props\":{\"link_text\":\"Website\",\"title_hover_style\":\"reset\",\"title_element\":\"h3\",\"title_align\":\"top\",\"title_grid_width\":\"1-2\",\"title_grid_breakpoint\":\"m\",\"meta_style\":\"meta\",\"meta_align\":\"below-title\",\"meta_element\":\"div\",\"content_column_breakpoint\":\"m\",\"icon_width\":80,\"image_align\":\"left\",\"image_grid_width\":\"1-3\",\"image_grid_breakpoint\":\"m\",\"image_svg_color\":\"emphasis\",\"link_style\":\"primary\",\"margin\":\"default\",\"title\":\"IECE\",\"content\":\"\n\n<div class=\\\"el-content uk-panel uk-margin-top\\\">\\n\n\n<p><span style=\\\"font-weight: 400;\\\">O IECE pretende ser uma<\\\/span><b> interface para a academia e a ind\\u00fastria<\\\/b><span style=\\\"font-weight: 400;\\\">, promovendo a troca m\\u00fatua e ben\\u00e9fica de conhecimento, ideias e experi\\u00eancia, para assim criar plataformas para troca de conhecimento e networking, e para desenvolver programas e atividades que ajudar\\u00e3o a garantir o bem-estar das gera\\u00e7\\u00f5es futuras.<\\\/span><\\\/p>\\n\n\n<p><span style=\\\"font-weight: 400;\\\">O IECE j\\u00e1 trabalhou com mais de 200 parceiros de 25 pa\\u00edses diferentes.<\\\/span><\\\/p>\\n\n\n<p><span style=\\\"font-weight: 400;\\\">O IECE concentra os seus programas de educa\\u00e7\\u00e3o, investiga\\u00e7\\u00e3o e desenvolvimento de capacidades em seis \\u00e1reas: <\\\/span><b>Meio Ambiente, Engenharia Civil, Energia, Gest\\u00e3o, Ci\\u00eancias Sociais e TI<\\\/b><span style=\\\"font-weight: 400;\\\">. Atrav\\u00e9s destas \\u00e1reas, o Instituto aborda as principais quest\\u00f5es e desafios de sustentabilidade \\u200b\\u200benfrentados a n\\u00edvel internacional.<\\\/span><\\\/p>\\n\n\n<p><b>A estrat\\u00e9gia do instituto baseia-se na orienta\\u00e7\\u00e3o para o desenvolvimento sustent\\u00e1vel e na promo\\u00e7\\u00e3o de uma economia baseada no conhecimento<\\\/b><span style=\\\"font-weight: 400;\\\">, de modo a encorajar as gera\\u00e7\\u00f5es futuras a continuar a descobrir, criar, modelar, executar, monitorizar e melhorar as atividades de I&amp;D e a aplicar os conhecimentos, compet\\u00eancias e capacidades necess\\u00e1rios para garantir o bem-estar das gera\\u00e7\\u00f5es futuras.<\\\/span><\\\/p>\\n<\\\/div>\",\"image\":\"wp-content\\\/uploads\\\/2022\\\/07\\\/logo_4-1.png\",\"title_color\":\"success\",\"link\":\"http:\\\/\\\/www.iege.edu.mk\\\/\",\"image_vertical_align\":true},\"name\":\"Panel with image LEFT\"}]}]},{\"type\":\"row\",\"children\":[{\"type\":\"column\",\"props\":{\"position_sticky_breakpoint\":\"m\",\"image_position\":\"center-center\",\"media_overlay_gradient\":\"\"},\"children\":[{\"type\":\"panel\",\"props\":{\"link_text\":\"Website\",\"title_hover_style\":\"reset\",\"title_element\":\"h3\",\"title_align\":\"top\",\"title_grid_width\":\"1-2\",\"title_grid_breakpoint\":\"m\",\"meta_style\":\"meta\",\"meta_align\":\"below-title\",\"meta_element\":\"div\",\"content_column_breakpoint\":\"m\",\"icon_width\":80,\"image_align\":\"right\",\"image_grid_width\":\"1-3\",\"image_grid_breakpoint\":\"m\",\"image_svg_color\":\"emphasis\",\"link_style\":\"primary\",\"margin\":\"default\",\"title\":\"CRE.THI.DEV.\",\"content\":\"\n\n<p><span>A <strong>Creative Thinking Development<\\\/strong> - <strong>CRETHIDEV<\\\/strong> \\u00e9 uma empresa sem fins lucrativos focada na investiga\\u00e7\\u00e3o, assim como no desenvolvimento de estudos e de planos de a\\u00e7\\u00e3o principalmente nas \\u00e1reas da educa\\u00e7\\u00e3o cont\\u00ednua, prote\\u00e7\\u00e3o ambiental, inova\\u00e7\\u00e3o, empregabilidade, desenvolvimento local, sa\\u00fade, desporto e cultura. Atrav\\u00e9s da troca de conhecimento e experi\\u00eancia e de projetos de forma\\u00e7\\u00e3o e investiga\\u00e7\\u00e3o colaborativos e da coopera\\u00e7\\u00e3o com universidades, empresas, autoridades p\\u00fablicas e centros de forma\\u00e7\\u00e3o, procuramos criar um reposit\\u00f3rio de conhecimento e facilitar o networking e a coopera\\u00e7\\u00e3o entre autoridades, organiza\\u00e7\\u00f5es e associa\\u00e7\\u00f5es empresariais, a n\\u00edvel local, regional, nacional, Europeu e internacional. A CRETHIDEV foi criada e \\u00e9 mantida por uma equipa de profissionais experientes que contam com s\\u00f3lida forma\\u00e7\\u00e3o cient\\u00edfica, coopera\\u00e7\\u00e3o a longo prazo com empresas e setores tradicionais da economia grega, dilig\\u00eancia profissional e entusiasmo. A forma\\u00e7\\u00e3o acad\\u00e9mica e experi\\u00eancia dos profissionais abrange um vasto leque de disciplinas e fun\\u00e7\\u00f5es.<\\\/span><\\\/p>\",\"image\":\"wp-content\\\/uploads\\\/2022\\\/08\\\/CrethidevFinal_new1-scaled.jpg\",\"title_color\":\"success\",\"link\":\"https:\\\/\\\/www.crethidev.gr\\\/\",\"image_vertical_align\":true},\"name\":\"Panel with image RIGHT\"}]}]}]}],\"version\":\"2.7.22\"} --><\/p>\n","protected":false},"excerpt":{"rendered":"<p>PARCEIROS GuruServices.Biz A GuruServices.Biz\u00a0\u00e9 uma empresa e uma marca empenhada em providenciar solu\u00e7\u00f5es pioneiras, mas ainda assim pr\u00e1ticas, facilmente aplic\u00e1veis e mensur\u00e1veis, para fins de..<\/p>\n","protected":false},"author":1,"featured_media":0,"parent":0,"menu_order":0,"comment_status":"closed","ping_status":"closed","template":"","meta":{"_acf_changed":false,"inline_featured_image":false,"footnotes":""},"class_list":["post-608","page","type-page","status-publish","hentry"],"acf":[],"_links":{"self":[{"href":"https:\/\/digirur.eu\/pt-pt\/wp-json\/wp\/v2\/pages\/608","targetHints":{"allow":["GET"]}}],"collection":[{"href":"https:\/\/digirur.eu\/pt-pt\/wp-json\/wp\/v2\/pages"}],"about":[{"href":"https:\/\/digirur.eu\/pt-pt\/wp-json\/wp\/v2\/types\/page"}],"author":[{"embeddable":true,"href":"https:\/\/digirur.eu\/pt-pt\/wp-json\/wp\/v2\/users\/1"}],"replies":[{"embeddable":true,"href":"https:\/\/digirur.eu\/pt-pt\/wp-json\/wp\/v2\/comments?post=608"}],"version-history":[{"count":4,"href":"https:\/\/digirur.eu\/pt-pt\/wp-json\/wp\/v2\/pages\/608\/revisions"}],"predecessor-version":[{"id":803,"href":"https:\/\/digirur.eu\/pt-pt\/wp-json\/wp\/v2\/pages\/608\/revisions\/803"}],"wp:attachment":[{"href":"https:\/\/digirur.eu\/pt-pt\/wp-json\/wp\/v2\/media?parent=608"}],"curies":[{"name":"wp","href":"https:\/\/api.w.org\/{rel}","templated":true}]}}